{"id":14,"date":"2024-01-14T21:45:37","date_gmt":"2024-01-14T20:45:37","guid":{"rendered":"https:\/\/saplf.net\/?page_id=14"},"modified":"2025-08-20T19:17:52","modified_gmt":"2025-08-20T18:17:52","slug":"education","status":"publish","type":"page","link":"https:\/\/saplf.net\/index.php\/education\/","title":{"rendered":"Education"},"content":{"rendered":"\n<p><\/p>\n\n\n\n<h3 class=\"wp-block-heading has-text-align-center\">LIVRE DU R\u00c9SUM\u00c9 DE LA SAPLF LORS DU CONGRES CONJOINT 11\u00e8 CONGRES DE LA SAPLF\/5\u00e8 CONGRES\u00a0DE\u00a0LA\u00a0SCP<\/h3>\n\n\n\n<ul>\n<li><a href=\"http:\/\/saplf.net\/wp-content\/uploads\/2025\/08\/Livre_des_resumes_CAPLF_2025.docx.pdf\">Livre des r\u00e9sum\u00e9s CAPLF 2025.docx.pdf<\/a><\/li>\n<\/ul>\n\n\n<style>.wp-block-kadence-spacer.kt-block-spacer-14_98f5ae-bf .kt-block-spacer{height:60px;}.wp-block-kadence-spacer.kt-block-spacer-14_98f5ae-bf .kt-divider{border-top-width:1px;height:1px;border-top-color:#eee;width:80%;border-top-style:solid;}<\/style>\n<div class=\"wp-block-kadence-spacer aligncenter kt-block-spacer-14_98f5ae-bf\"><div class=\"kt-block-spacer kt-block-spacer-halign-center\"><hr class=\"kt-divider\"\/><\/div><\/div>\n\n\n<style>.kadence-column14_1edc6f-d4 > .kt-inside-inner-col,.kadence-column14_1edc6f-d4 > .kt-inside-inner-col:before{border-top-left-radius:0px;border-top-right-radius:0px;border-bottom-right-radius:0px;border-bottom-left-radius:0px;}.kadence-column14_1edc6f-d4 > .kt-inside-inner-col{column-gap:var(--global-kb-gap-sm, 1rem);}.kadence-column14_1edc6f-d4 > .kt-inside-inner-col{flex-direction:column;}.kadence-column14_1edc6f-d4 > .kt-inside-inner-col > .aligncenter{width:100%;}.kadence-column14_1edc6f-d4 > .kt-inside-inner-col:before{opacity:0.3;}.kadence-column14_1edc6f-d4{position:relative;}@media all and (max-width: 1024px){.kadence-column14_1edc6f-d4 > .kt-inside-inner-col{flex-direction:column;justify-content:center;}}@media all and (max-width: 767px){.kadence-column14_1edc6f-d4 > .kt-inside-inner-col{flex-direction:column;justify-content:center;}}<\/style>\n<div class=\"wp-block-kadence-column kadence-column14_1edc6f-d4\"><div class=\"kt-inside-inner-col\"><style>.kadence-column14_62485c-30 > .kt-inside-inner-col,.kadence-column14_62485c-30 > .kt-inside-inner-col:before{border-top-left-radius:0px;border-top-right-radius:0px;border-bottom-right-radius:0px;border-bottom-left-radius:0px;}.kadence-column14_62485c-30 > .kt-inside-inner-col{column-gap:var(--global-kb-gap-sm, 1rem);}.kadence-column14_62485c-30 > .kt-inside-inner-col{flex-direction:column;}.kadence-column14_62485c-30 > .kt-inside-inner-col > .aligncenter{width:100%;}.kadence-column14_62485c-30 > .kt-inside-inner-col:before{opacity:0.3;}.kadence-column14_62485c-30{position:relative;}@media all and (max-width: 1024px){.kadence-column14_62485c-30 > .kt-inside-inner-col{flex-direction:column;justify-content:center;}}@media all and (max-width: 767px){.kadence-column14_62485c-30 > .kt-inside-inner-col{flex-direction:column;justify-content:center;}}<\/style>\n<div class=\"wp-block-kadence-column kadence-column14_62485c-30\"><div class=\"kt-inside-inner-col\">\n<h3 class=\"wp-block-heading has-text-align-center\">ATELIER DE LA SAPLF LORS DU CONGRES CONJOINT <\/h3>\n<\/div><\/div>\n<\/div><\/div>\n\n\n<style>.kadence-column14_a152c0-39 > .kt-inside-inner-col,.kadence-column14_a152c0-39 > .kt-inside-inner-col:before{border-top-left-radius:0px;border-top-right-radius:0px;border-bottom-right-radius:0px;border-bottom-left-radius:0px;}.kadence-column14_a152c0-39 > .kt-inside-inner-col{column-gap:var(--global-kb-gap-sm, 1rem);}.kadence-column14_a152c0-39 > .kt-inside-inner-col{flex-direction:column;}.kadence-column14_a152c0-39 > .kt-inside-inner-col > .aligncenter{width:100%;}.kadence-column14_a152c0-39 > .kt-inside-inner-col:before{opacity:0.3;}.kadence-column14_a152c0-39{position:relative;}@media all and (max-width: 1024px){.kadence-column14_a152c0-39 > .kt-inside-inner-col{flex-direction:column;justify-content:center;}}@media all and (max-width: 767px){.kadence-column14_a152c0-39 > .kt-inside-inner-col{flex-direction:column;justify-content:center;}}<\/style>\n<div class=\"wp-block-kadence-column kadence-column14_a152c0-39\"><div class=\"kt-inside-inner-col\"><\/div><\/div>\n\n\n\n<ul>\n<li><a href=\"https:\/\/docs.google.com\/document\/d\/1oYmINLT-e_3y6T6aUOjfFndEV87zdmK2IhHtdSVJTm0\/edit?usp=sharing\" data-type=\"link\" data-id=\"https:\/\/docs.google.com\/document\/d\/1oYmINLT-e_3y6T6aUOjfFndEV87zdmK2IhHtdSVJTm0\/edit?usp=sharing\">ATELIERS DE LA SAPLF LORS DU CONGRES CONJOINT 11\u00e8 CONGRES DE LA SAPLF\/5\u00e8 CONGRES&nbsp;DE&nbsp;LA&nbsp;SCP<\/a><\/li>\n<\/ul>\n\n\n<style>.kadence-column14_ee86f1-67 > .kt-inside-inner-col,.kadence-column14_ee86f1-67 > .kt-inside-inner-col:before{border-top-left-radius:0px;border-top-right-radius:0px;border-bottom-right-radius:0px;border-bottom-left-radius:0px;}.kadence-column14_ee86f1-67 > .kt-inside-inner-col{column-gap:var(--global-kb-gap-sm, 1rem);}.kadence-column14_ee86f1-67 > .kt-inside-inner-col{flex-direction:column;}.kadence-column14_ee86f1-67 > .kt-inside-inner-col > .aligncenter{width:100%;}.kadence-column14_ee86f1-67 > .kt-inside-inner-col:before{opacity:0.3;}.kadence-column14_ee86f1-67{position:relative;}@media all and (max-width: 1024px){.kadence-column14_ee86f1-67 > .kt-inside-inner-col{flex-direction:column;justify-content:center;}}@media all and (max-width: 767px){.kadence-column14_ee86f1-67 > .kt-inside-inner-col{flex-direction:column;justify-content:center;}}<\/style>\n<div class=\"wp-block-kadence-column kadence-column14_ee86f1-67\"><div class=\"kt-inside-inner-col\"><style>.wp-block-kadence-spacer.kt-block-spacer-14_04f740-e6 .kt-block-spacer{height:60px;}.wp-block-kadence-spacer.kt-block-spacer-14_04f740-e6 .kt-divider{border-top-width:1px;height:1px;border-top-color:#eee;width:80%;border-top-style:solid;}<\/style>\n<div class=\"wp-block-kadence-spacer aligncenter kt-block-spacer-14_04f740-e6\"><div class=\"kt-block-spacer kt-block-spacer-halign-center\"><hr class=\"kt-divider\"\/><\/div><\/div>\n<\/div><\/div>\n\n\n\n<figure class=\"wp-block-image size-large\"><img loading=\"lazy\" decoding=\"async\" width=\"724\" height=\"1024\" src=\"https:\/\/saplf.net\/wp-content\/uploads\/2025\/03\/EPU_SAPLF_plevre-1-724x1024.png\" alt=\"\" class=\"wp-image-375\" srcset=\"https:\/\/saplf.net\/wp-content\/uploads\/2025\/03\/EPU_SAPLF_plevre-1-724x1024.png 724w, https:\/\/saplf.net\/wp-content\/uploads\/2025\/03\/EPU_SAPLF_plevre-1-212x300.png 212w, https:\/\/saplf.net\/wp-content\/uploads\/2025\/03\/EPU_SAPLF_plevre-1-768x1086.png 768w, https:\/\/saplf.net\/wp-content\/uploads\/2025\/03\/EPU_SAPLF_plevre-1-1086x1536.png 1086w, https:\/\/saplf.net\/wp-content\/uploads\/2025\/03\/EPU_SAPLF_plevre-1-1448x2048.png 1448w, https:\/\/saplf.net\/wp-content\/uploads\/2025\/03\/EPU_SAPLF_plevre-1.png 1587w\" sizes=\"(max-width: 724px) 100vw, 724px\" \/><\/figure>\n\n\n\n<h2 class=\"wp-block-heading has-text-align-center\">Quelle place pour l&rsquo;\u00e9chographie pulmonaire dans le diagnostic de la tuberculose? <\/h2>\n\n\n\n<h4 class=\"wp-block-heading\">        <strong>R\u00e9sultats de l\u2019\u00e9tude TrUST<\/strong><\/h4>\n\n\n\n<ul>\n<li><a href=\"http:\/\/saplf.net\/wp-content\/uploads\/2025\/03\/SAPLF-TrUST-Suttels.pdf\" data-type=\"link\" data-id=\"http:\/\/saplf.net\/wp-content\/uploads\/2025\/03\/SAPLF-TrUST-Suttels.pdf\">SAPLF-TrUST-Suttels.pdf<\/a><\/li>\n<\/ul>\n\n\n\n<h2 class=\"wp-block-heading has-text-align-center\">Echographie pulmonaire au lit du malade: quel int\u00e9r\u00eat pour le pneumologue en 2025?<\/h2>\n\n\n\n<ul>\n<li><a href=\"http:\/\/saplf.net\/wp-content\/uploads\/2025\/03\/Webinaire-SAPLF_POCUS_Pneumologue_2025_12032025.pptx\" data-type=\"link\" data-id=\"http:\/\/saplf.net\/wp-content\/uploads\/2025\/03\/Webinaire-SAPLF_POCUS_Pneumologue_2025_12032025.pptx\">SAPLF_POCUS_Pneumologue_2025_12032025.pptx<\/a><\/li>\n<\/ul>\n\n\n<style>.wp-block-kadence-spacer.kt-block-spacer-14_b44e5c-34 .kt-block-spacer{height:60px;}.wp-block-kadence-spacer.kt-block-spacer-14_b44e5c-34 .kt-divider{border-top-width:1px;height:1px;border-top-color:#eee;width:80%;border-top-style:solid;}<\/style>\n<div class=\"wp-block-kadence-spacer aligncenter kt-block-spacer-14_b44e5c-34\"><div class=\"kt-block-spacer kt-block-spacer-halign-center\"><hr class=\"kt-divider\"\/><\/div><\/div>\n\n\n<style>.wp-block-kadence-spacer.kt-block-spacer-14_feabfe-fd .kt-block-spacer{height:60px;}.wp-block-kadence-spacer.kt-block-spacer-14_feabfe-fd .kt-divider{border-top-width:1px;height:1px;border-top-color:#eee;width:80%;border-top-style:solid;}<\/style>\n<div class=\"wp-block-kadence-spacer aligncenter kt-block-spacer-14_feabfe-fd\"><div class=\"kt-block-spacer kt-block-spacer-halign-center\"><hr class=\"kt-divider\"\/><\/div><\/div>\n\n\n<style>.wp-block-kadence-spacer.kt-block-spacer-14_3e5572-9e .kt-block-spacer{height:60px;}.wp-block-kadence-spacer.kt-block-spacer-14_3e5572-9e .kt-divider{border-top-width:1px;height:1px;border-top-color:#eee;width:80%;border-top-style:solid;}<\/style>\n<div class=\"wp-block-kadence-spacer aligncenter kt-block-spacer-14_3e5572-9e\"><div class=\"kt-block-spacer kt-block-spacer-halign-center\"><hr class=\"kt-divider\"\/><\/div><\/div>\n\n\n\n<figure class=\"wp-block-image size-large\"><img loading=\"lazy\" decoding=\"async\" width=\"723\" height=\"1024\" src=\"https:\/\/saplf.net\/wp-content\/uploads\/2024\/11\/Sans-titre-723x1024.jpg\" alt=\"\" class=\"wp-image-344\" srcset=\"https:\/\/saplf.net\/wp-content\/uploads\/2024\/11\/Sans-titre-723x1024.jpg 723w, https:\/\/saplf.net\/wp-content\/uploads\/2024\/11\/Sans-titre-212x300.jpg 212w, https:\/\/saplf.net\/wp-content\/uploads\/2024\/11\/Sans-titre.jpg 763w\" sizes=\"(max-width: 723px) 100vw, 723px\" \/><\/figure>\n\n\n\n<h2 class=\"wp-block-heading has-text-align-center\"><a href=\"http:\/\/saplf.net\/wp-content\/uploads\/2024\/11\/EPU_Fonction_Pulmonaire.mp4\">Vid\u00e9o Webinaire Actualit\u00e9s EFR- novembre 2024<\/a><\/h2>\n\n\n\n<h2 class=\"wp-block-heading has-text-align-center\"><a href=\"http:\/\/saplf.net\/wp-content\/uploads\/2024\/11\/Tests-de-provocation-bronchique-a-lere-de-loscillometrie-Alain-2.pptx\" data-type=\"link\" data-id=\"http:\/\/saplf.net\/wp-content\/uploads\/2024\/11\/Tests-de-provocation-bronchique-a-lere-de-loscillometrie-Alain-2.pptx\">Tests de provocation bronchique \u00e0 l&rsquo;\u00e8re de l&rsquo;oscillom\u00e9trie<\/a><\/h2>\n\n\n\n<ul>\n<li><a href=\"http:\/\/saplf.net\/wp-content\/uploads\/2024\/11\/Tests-de-provocation-bronchique-a-lere-de-loscillometrie-Alain-2.pptx\" data-type=\"link\" data-id=\"http:\/\/saplf.net\/wp-content\/uploads\/2024\/11\/Tests-de-provocation-bronchique-a-lere-de-loscillometrie-Alain-2.pptx\">Tests de provocation bronchique \u00e0 l&rsquo;\u00e8re de l&rsquo;oscillometrie<\/a><\/li>\n<\/ul>\n\n\n\n<h2 class=\"wp-block-heading has-text-align-center\"><a href=\"http:\/\/saplf.net\/wp-content\/uploads\/2024\/11\/Choix-_valeurs_references_spirometriques.pdf\" data-type=\"link\" data-id=\"http:\/\/saplf.net\/wp-content\/uploads\/2024\/11\/Choix-_valeurs_references_spirometriques.pdf\">Choix des valeurs de r\u00e9f\u00e9rences spirometriques<\/a> en Afrique<\/h2>\n\n\n\n<ul>\n<li><a href=\"http:\/\/saplf.net\/wp-content\/uploads\/2024\/11\/Choix-_valeurs_references_spirometriques.pdf\" data-type=\"link\" data-id=\"http:\/\/saplf.net\/wp-content\/uploads\/2024\/11\/Choix-_valeurs_references_spirometriques.pdf\">Choix des valeurs references spirometriques<\/a> <\/li>\n<\/ul>\n\n\n<style>.wp-block-kadence-spacer.kt-block-spacer-14_a120a8-47 .kt-block-spacer{height:60px;}.wp-block-kadence-spacer.kt-block-spacer-14_a120a8-47 .kt-divider{border-top-width:1px;height:1px;border-top-color:#eee;width:80%;border-top-style:solid;}<\/style>\n<div class=\"wp-block-kadence-spacer aligncenter kt-block-spacer-14_a120a8-47\"><div class=\"kt-block-spacer kt-block-spacer-halign-center\"><hr class=\"kt-divider\"\/><\/div><\/div>\n\n\n<style>.wp-block-kadence-spacer.kt-block-spacer-14_bc8904-1b .kt-block-spacer{height:60px;}.wp-block-kadence-spacer.kt-block-spacer-14_bc8904-1b .kt-divider{border-top-width:1px;height:1px;border-top-color:#eee;width:80%;border-top-style:solid;}<\/style>\n<div class=\"wp-block-kadence-spacer aligncenter kt-block-spacer-14_bc8904-1b\"><div class=\"kt-block-spacer kt-block-spacer-halign-center\"><hr class=\"kt-divider\"\/><\/div><\/div>\n\n\n<style>.wp-block-kadence-spacer.kt-block-spacer-14_7972b6-a7 .kt-block-spacer{height:60px;}.wp-block-kadence-spacer.kt-block-spacer-14_7972b6-a7 .kt-divider{border-top-width:1px;height:1px;border-top-color:#eee;width:80%;border-top-style:solid;}<\/style>\n<div class=\"wp-block-kadence-spacer aligncenter kt-block-spacer-14_7972b6-a7\"><div class=\"kt-block-spacer kt-block-spacer-halign-center\"><hr class=\"kt-divider\"\/><\/div><\/div>\n\n\n\n<figure class=\"wp-block-image size-large\"><img loading=\"lazy\" decoding=\"async\" width=\"723\" height=\"1024\" src=\"https:\/\/saplf.net\/wp-content\/uploads\/2024\/09\/Sans-titre-1-723x1024.jpeg\" alt=\"\" class=\"wp-image-330\" srcset=\"https:\/\/saplf.net\/wp-content\/uploads\/2024\/09\/Sans-titre-1-723x1024.jpeg 723w, https:\/\/saplf.net\/wp-content\/uploads\/2024\/09\/Sans-titre-1-212x300.jpeg 212w, https:\/\/saplf.net\/wp-content\/uploads\/2024\/09\/Sans-titre-1.jpeg 763w\" sizes=\"(max-width: 723px) 100vw, 723px\" \/><\/figure>\n\n\n\n<h2 class=\"wp-block-heading has-text-align-center\"><a href=\"https:\/\/us02web.zoom.us\/rec\/share\/QXceAJyt6LcvE90vISmRtCpyU4gJDptNOncGyLyTac3_QPsfnxJ4sStIV-bc9pVD.IUMiWvKxbRQXxEBL?startTime=1726682759000\">Vid\u00e9o EPU Embolie pulmonaire(Code secret: CgD9!k0d)<\/a><\/h2>\n\n\n\n<h4 class=\"wp-block-heading has-text-align-center\">EMBOLIE PULMONAIRE AVEC SIGNES DE GRAVITE <\/h4>\n\n\n\n<ul>\n<li><a href=\"http:\/\/saplf.net\/wp-content\/uploads\/2024\/09\/EP-haut-risque_Pr-Codjo.pdf\" data-type=\"link\" data-id=\"http:\/\/saplf.net\/wp-content\/uploads\/2024\/09\/EP-haut-risque_Pr-Codjo.pdf\">EP-haut-risque_Pr-Codjo.pdf<\/a><\/li>\n<\/ul>\n\n\n\n<h4 class=\"wp-block-heading has-text-align-center\">LA PRISE EN CHARGE DE L\u2019EMBOLIE PULMONAIRE \u00c0 L\u2019ETAT STABLE<\/h4>\n\n\n\n<ul>\n<li><a href=\"http:\/\/saplf.net\/wp-content\/uploads\/2024\/09\/EP-a-letat-stable_Pr-Bemba.pdf\" data-type=\"link\" data-id=\"http:\/\/saplf.net\/wp-content\/uploads\/2024\/09\/EP-a-letat-stable_Pr-Bemba.pdf\">EP-a-letat-stable_Pr-Bemba.pdf<\/a><\/li>\n<\/ul>\n\n\n<style>.wp-block-kadence-spacer.kt-block-spacer-14_041313-29 .kt-block-spacer{height:60px;}.wp-block-kadence-spacer.kt-block-spacer-14_041313-29 .kt-divider{border-top-width:1px;height:1px;border-top-color:#eee;width:80%;border-top-style:solid;}<\/style>\n<div class=\"wp-block-kadence-spacer aligncenter kt-block-spacer-14_041313-29\"><div class=\"kt-block-spacer kt-block-spacer-halign-center\"><hr class=\"kt-divider\"\/><\/div><\/div>\n\n\n<style>.wp-block-kadence-spacer.kt-block-spacer-14_8afb06-d7 .kt-block-spacer{height:60px;}.wp-block-kadence-spacer.kt-block-spacer-14_8afb06-d7 .kt-divider{border-top-width:1px;height:1px;border-top-color:#eee;width:80%;border-top-style:solid;}<\/style>\n<div class=\"wp-block-kadence-spacer aligncenter kt-block-spacer-14_8afb06-d7\"><div class=\"kt-block-spacer kt-block-spacer-halign-center\"><hr class=\"kt-divider\"\/><\/div><\/div>\n\n\n<style>.wp-block-kadence-spacer.kt-block-spacer-14_739c5b-83 .kt-block-spacer{height:60px;}.wp-block-kadence-spacer.kt-block-spacer-14_739c5b-83 .kt-divider{border-top-width:1px;height:1px;border-top-color:#eee;width:80%;border-top-style:solid;}<\/style>\n<div class=\"wp-block-kadence-spacer aligncenter kt-block-spacer-14_739c5b-83\"><div class=\"kt-block-spacer kt-block-spacer-halign-center\"><hr class=\"kt-divider\"\/><\/div><\/div>\n\n\n\n<figure class=\"wp-block-image size-full\"><img loading=\"lazy\" decoding=\"async\" width=\"723\" height=\"1024\" src=\"https:\/\/saplf.net\/wp-content\/uploads\/2024\/07\/WhatsApp-Image-2024-06-04-at-07.03.01-1-723x1024-2-1.webp\" alt=\"\" class=\"wp-image-321\" srcset=\"https:\/\/saplf.net\/wp-content\/uploads\/2024\/07\/WhatsApp-Image-2024-06-04-at-07.03.01-1-723x1024-2-1.webp 723w, https:\/\/saplf.net\/wp-content\/uploads\/2024\/07\/WhatsApp-Image-2024-06-04-at-07.03.01-1-723x1024-2-1-212x300.webp 212w\" sizes=\"(max-width: 723px) 100vw, 723px\" \/><\/figure>\n\n\n\n<h4 class=\"wp-block-heading\">Quels ph\u00e9notypes pour la BPCO en Afrique subsaharienne?<\/h4>\n\n\n\n<ul>\n<li><a href=\"https:\/\/saplf.net\/wp-content\/uploads\/2024\/07\/AAS-Quels-phenotypes-pour-la-BPCO.pdf\" data-type=\"attachment\" data-id=\"310\">Quels ph\u00e9notypes pour la BPCO<\/a><\/li>\n<\/ul>\n\n\n\n<h4 class=\"wp-block-heading\">Prise en charge de la rhinite allergique de l\u2019 asthmatique dans notre contexte africain<\/h4>\n\n\n\n<ul>\n<li><a href=\"https:\/\/saplf.net\/wp-content\/uploads\/2024\/07\/Rhinite-allergique-Diagnostic-et-presentation-de-cas-1-F.pdf\" data-type=\"attachment\" data-id=\"311\">Rhinite allergique: Diagnostic et pr\u00e9sentation de cas <\/a><\/li>\n<\/ul>\n\n\n\n<h4 class=\"wp-block-heading\">Epidemiologie de la BPCO en Afrique subsaharienne<\/h4>\n\n\n\n<ul>\n<li><a href=\"https:\/\/saplf.net\/wp-content\/uploads\/2024\/07\/SAPLF_EPIDEMIO-BPCO-ASS_Dr-ENDALE_26-06-2024.pdf\" data-type=\"attachment\" data-id=\"312\">EPIDEMIO DE LA BPCO<\/a><\/li>\n<\/ul>\n\n\n\n<h4 class=\"wp-block-heading\">GINA 2023: Quoi de neuf ?<\/h4>\n\n\n\n<ul>\n<li><a href=\"https:\/\/saplf.net\/wp-content\/uploads\/2024\/07\/GINA-2023-quoi-de-neuf-Webinar-definitif1.ppt\" data-type=\"attachment\" data-id=\"296\">GINA-2023-quoi-de-neuf<\/a><\/li>\n<\/ul>\n\n\n<style>.wp-block-kadence-spacer.kt-block-spacer-14_9fd74a-f8 .kt-block-spacer{height:60px;}.wp-block-kadence-spacer.kt-block-spacer-14_9fd74a-f8 .kt-divider{border-top-width:1px;height:1px;border-top-color:#eee;width:80%;border-top-style:solid;}<\/style>\n<div class=\"wp-block-kadence-spacer aligncenter kt-block-spacer-14_9fd74a-f8\"><div class=\"kt-block-spacer kt-block-spacer-halign-center\"><hr class=\"kt-divider\"\/><\/div><\/div>\n\n\n<style>.wp-block-kadence-spacer.kt-block-spacer-14_3210b1-1e .kt-block-spacer{height:60px;}.wp-block-kadence-spacer.kt-block-spacer-14_3210b1-1e .kt-divider{border-top-width:1px;height:1px;border-top-color:#eee;width:80%;border-top-style:solid;}<\/style>\n<div class=\"wp-block-kadence-spacer aligncenter kt-block-spacer-14_3210b1-1e\"><div class=\"kt-block-spacer kt-block-spacer-halign-center\"><hr class=\"kt-divider\"\/><\/div><\/div>\n\n\n<style>.wp-block-kadence-spacer.kt-block-spacer-14_75835b-f2 .kt-block-spacer{height:60px;}.wp-block-kadence-spacer.kt-block-spacer-14_75835b-f2 .kt-divider{border-top-width:1px;height:1px;border-top-color:#eee;width:80%;border-top-style:solid;}<\/style>\n<div class=\"wp-block-kadence-spacer aligncenter kt-block-spacer-14_75835b-f2\"><div class=\"kt-block-spacer kt-block-spacer-halign-center\"><hr class=\"kt-divider\"\/><\/div><\/div>\n\n\n\n<figure class=\"wp-block-image size-full\"><img loading=\"lazy\" decoding=\"async\" width=\"723\" height=\"1024\" src=\"https:\/\/saplf.net\/wp-content\/uploads\/2024\/07\/WhatsApp-Image-2024-06-04-at-07.04.37-1-723x1024-1.webp\" alt=\"\" class=\"wp-image-307\" srcset=\"https:\/\/saplf.net\/wp-content\/uploads\/2024\/07\/WhatsApp-Image-2024-06-04-at-07.04.37-1-723x1024-1.webp 723w, https:\/\/saplf.net\/wp-content\/uploads\/2024\/07\/WhatsApp-Image-2024-06-04-at-07.04.37-1-723x1024-1-212x300.webp 212w\" sizes=\"(max-width: 723px) 100vw, 723px\" \/><\/figure>\n\n\n\n<h4 class=\"wp-block-heading\">Chirurgie de la pl\u00e8vre en Afrique: d\u00e9fis et perspectives<\/h4>\n\n\n\n<ul>\n<li><a href=\"https:\/\/saplf.net\/wp-content\/uploads\/2024\/06\/PLEVRE-AFRIQUE.pdf\" data-type=\"attachment\" data-id=\"274\">PLEVRE EN AFRIQUE<\/a><\/li>\n<\/ul>\n\n\n\n<h4 class=\"wp-block-heading\">Apport de la thoracoscopie m\u0117dicale dans le diagnostic des pathologies pleurales en Afrique<\/h4>\n\n\n\n<ul>\n<li><a href=\"https:\/\/saplf.net\/wp-content\/uploads\/2024\/06\/WEBINAIRE-TM-Pathologies-pleurales.pdf\" data-type=\"attachment\" data-id=\"275\">Pathologies pleurales<\/a><\/li>\n<\/ul>\n\n\n<style>.wp-block-kadence-spacer.kt-block-spacer-14_de33d7-6e .kt-block-spacer{height:60px;}.wp-block-kadence-spacer.kt-block-spacer-14_de33d7-6e .kt-divider{border-top-width:1px;height:1px;border-top-color:#eee;width:80%;border-top-style:solid;}<\/style>\n<div class=\"wp-block-kadence-spacer aligncenter kt-block-spacer-14_de33d7-6e\"><div class=\"kt-block-spacer kt-block-spacer-halign-center\"><hr class=\"kt-divider\"\/><\/div><\/div>\n\n\n<style>.wp-block-kadence-spacer.kt-block-spacer-14_81dc71-19 .kt-block-spacer{height:60px;}.wp-block-kadence-spacer.kt-block-spacer-14_81dc71-19 .kt-divider{border-top-width:1px;height:1px;border-top-color:#eee;width:80%;border-top-style:solid;}<\/style>\n<div class=\"wp-block-kadence-spacer aligncenter kt-block-spacer-14_81dc71-19\"><div class=\"kt-block-spacer kt-block-spacer-halign-center\"><hr class=\"kt-divider\"\/><\/div><\/div>\n\n\n<style>.wp-block-kadence-spacer.kt-block-spacer-14_669ad2-85 .kt-block-spacer{height:60px;}.wp-block-kadence-spacer.kt-block-spacer-14_669ad2-85 .kt-divider{border-top-width:1px;height:1px;border-top-color:#eee;width:80%;border-top-style:solid;}<\/style>\n<div class=\"wp-block-kadence-spacer aligncenter kt-block-spacer-14_669ad2-85\"><div class=\"kt-block-spacer kt-block-spacer-halign-center\"><hr class=\"kt-divider\"\/><\/div><\/div>\n\n\n\n<figure class=\"wp-block-image size-full\"><img loading=\"lazy\" decoding=\"async\" width=\"723\" height=\"1024\" src=\"https:\/\/saplf.net\/wp-content\/uploads\/2024\/07\/Webinair-SAPLF-2024-du-27032024-2-723x1024-1.webp\" alt=\"\" class=\"wp-image-301\" srcset=\"https:\/\/saplf.net\/wp-content\/uploads\/2024\/07\/Webinair-SAPLF-2024-du-27032024-2-723x1024-1.webp 723w, https:\/\/saplf.net\/wp-content\/uploads\/2024\/07\/Webinair-SAPLF-2024-du-27032024-2-723x1024-1-212x300.webp 212w\" sizes=\"(max-width: 723px) 100vw, 723px\" \/><\/figure>\n\n\n\n<h4 class=\"wp-block-heading\">Les nouvelles recommandations dans la PEC de la TB-M<\/h4>\n\n\n\n<ul>\n<li><a href=\"https:\/\/saplf.net\/wp-content\/uploads\/2024\/03\/LES-NOUVELLES-RECOMMANDATIONS-SAPLF.pdf\" data-type=\"attachment\" data-id=\"249\">LES NOUVELLES RECOMMANDATIONS<\/a><\/li>\n<\/ul>\n\n\n\n<h4 class=\"wp-block-heading\">Les nouveaux outils de d\u00e9pistage de la tuberculose<\/h4>\n\n\n\n<ul>\n<li><a href=\"https:\/\/saplf.net\/wp-content\/uploads\/2024\/03\/LES-NOUVEAUX-OUTILS-DE-DEPISTAGE-DE-LA-TB.pdf\" data-type=\"attachment\" data-id=\"252\">LES NOUVEAUX OUTILS DE DEPISTAGE DE LA TB<\/a><\/li>\n<\/ul>\n\n\n<style>.wp-block-kadence-spacer.kt-block-spacer-14_4bb5b9-7d .kt-block-spacer{height:60px;}.wp-block-kadence-spacer.kt-block-spacer-14_4bb5b9-7d .kt-divider{border-top-width:1px;height:1px;border-top-color:#eee;width:80%;border-top-style:solid;}<\/style>\n<div class=\"wp-block-kadence-spacer aligncenter kt-block-spacer-14_4bb5b9-7d\"><div class=\"kt-block-spacer kt-block-spacer-halign-center\"><hr class=\"kt-divider\"\/><\/div><\/div>\n\n\n<style>.wp-block-kadence-spacer.kt-block-spacer-14_90e068-9c .kt-block-spacer{height:60px;}.wp-block-kadence-spacer.kt-block-spacer-14_90e068-9c .kt-divider{border-top-width:1px;height:1px;border-top-color:#eee;width:80%;border-top-style:solid;}<\/style>\n<div class=\"wp-block-kadence-spacer aligncenter kt-block-spacer-14_90e068-9c\"><div class=\"kt-block-spacer kt-block-spacer-halign-center\"><hr class=\"kt-divider\"\/><\/div><\/div>\n\n\n<style>.wp-block-kadence-spacer.kt-block-spacer-14_7e76ba-64 .kt-block-spacer{height:60px;}.wp-block-kadence-spacer.kt-block-spacer-14_7e76ba-64 .kt-divider{border-top-width:1px;height:1px;border-top-color:#eee;width:80%;border-top-style:solid;}<\/style>\n<div class=\"wp-block-kadence-spacer aligncenter kt-block-spacer-14_7e76ba-64\"><div class=\"kt-block-spacer kt-block-spacer-halign-center\"><hr class=\"kt-divider\"\/><\/div><\/div>\n\n\n\n<h2 class=\"wp-block-heading\"><strong><strong>PNEUMOLOGUE FACE A LA SOUFFRANCE DES VAISSEAUX PULMONAIRES<\/strong><\/strong><\/h2>\n\n\n\n<h4 class=\"wp-block-heading\">Oedeme aigu du poumon: nouvelles approches et perspective<strong>s<\/strong><\/h4>\n\n\n\n<ul>\n<li><a href=\"https:\/\/saplf.net\/wp-content\/uploads\/2024\/03\/OEDEME-PULMONAIRE-AIGU-approches-et-perspectives-1.pdf\" data-type=\"attachment\" data-id=\"157\">OEDEME PULMONAIRE AIGU: approches et perspectives<\/a><\/li>\n<\/ul>\n\n\n\n<h4 class=\"wp-block-heading\">Focus sur les derni\u00e8res recommandations de l\u2019hypertension pulmonaire: diagnostic et traitement<\/h4>\n\n\n\n<ul>\n<li><a href=\"https:\/\/saplf.net\/wp-content\/uploads\/2024\/03\/HTAP-focus-sur-les-dernieres-recommandations.pdf\" data-type=\"attachment\" data-id=\"148\">HTAP focus sur les dernieres recommandations<\/a><\/li>\n<\/ul>\n\n\n<style>.wp-block-kadence-spacer.kt-block-spacer-14_299fa4-bb .kt-block-spacer{height:60px;}.wp-block-kadence-spacer.kt-block-spacer-14_299fa4-bb .kt-divider{border-top-width:1px;height:1px;border-top-color:#eee;width:80%;border-top-style:solid;}<\/style>\n<div class=\"wp-block-kadence-spacer aligncenter kt-block-spacer-14_299fa4-bb\"><div class=\"kt-block-spacer kt-block-spacer-halign-center\"><hr class=\"kt-divider\"\/><\/div><\/div>\n\n\n<style>.wp-block-kadence-spacer.kt-block-spacer-14_c2ebc4-59 .kt-block-spacer{height:60px;}.wp-block-kadence-spacer.kt-block-spacer-14_c2ebc4-59 .kt-divider{border-top-width:1px;height:1px;border-top-color:#eee;width:80%;border-top-style:solid;}<\/style>\n<div class=\"wp-block-kadence-spacer aligncenter kt-block-spacer-14_c2ebc4-59\"><div class=\"kt-block-spacer kt-block-spacer-halign-center\"><hr class=\"kt-divider\"\/><\/div><\/div>\n\n\n<style>.wp-block-kadence-spacer.kt-block-spacer-14_47e6de-25 .kt-block-spacer{height:60px;}.wp-block-kadence-spacer.kt-block-spacer-14_47e6de-25 .kt-divider{border-top-width:1px;height:1px;border-top-color:#eee;width:80%;border-top-style:solid;}<\/style>\n<div class=\"wp-block-kadence-spacer aligncenter kt-block-spacer-14_47e6de-25\"><div class=\"kt-block-spacer kt-block-spacer-halign-center\"><hr class=\"kt-divider\"\/><\/div><\/div>\n\n\n\n<h2 class=\"wp-block-heading\">POUMONS ET MALADIES DES SYST\u00c8MES<\/h2>\n\n\n\n<h4 class=\"wp-block-heading\">La sarco\u00efdose vue par le pneumologue: actualit\u00e9s <\/h4>\n\n\n\n<ul>\n<li><a href=\"http:\/\/saplf.net\/wp-content\/uploads\/2024\/02\/EPU_SAPLF_SARCOIDOSE_FEV-2024.pptxpptx.pdf\">Sarco\u00efdose vue par le pneumologue <\/a><\/li>\n<\/ul>\n\n\n\n<h4 class=\"wp-block-heading\"><a href=\"http:\/\/saplf.net\/wp-content\/uploads\/2024\/02\/Presentation-Fibrose-Pulmonaire-et-Polyarthrite-Rhumatoide-vi-1.odp\">Polyarthrite rhumato\u00efde et  pneumopathie interstitielle diffuse<\/a><\/h4>\n\n\n\n<ul>\n<li><a href=\"http:\/\/saplf.net\/wp-content\/uploads\/2024\/02\/Presentation-Fibrose-Pulmonaire-et-Polyarthrite-Rhumatoide-vi-1.odp\">Polyarthrite rhumato\u00efde et  pneumopathie interstitielle diffuse<\/a><\/li>\n<\/ul>\n","protected":false},"excerpt":{"rendered":"<p>LIVRE DU R\u00c9SUM\u00c9 DE LA SAPLF LORS DU CONGRES CONJOINT 11\u00e8 CONGRES DE LA SAPLF\/5\u00e8 CONGRES\u00a0DE\u00a0LA\u00a0SCP ATELIER DE LA SAPLF LORS DU CONGRES CONJOINT Quelle place pour l&rsquo;\u00e9chographie pulmonaire dans le diagnostic de la tuberculose? R\u00e9sultats de l\u2019\u00e9tude TrUST Echographie pulmonaire au lit du malade: quel int\u00e9r\u00eat pour le pneumologue en 2025? Vid\u00e9o Webinaire Actualit\u00e9s&#8230;<\/p>\n","protected":false},"author":1,"featured_media":0,"parent":0,"menu_order":0,"comment_status":"closed","ping_status":"closed","template":"","meta":{"_kad_post_transparent":"","_kad_post_title":"","_kad_post_layout":"","_kad_post_sidebar_id":"","_kad_post_content_style":"","_kad_post_vertical_padding":"","_kad_post_feature":"","_kad_post_feature_position":"","_kad_post_header":false,"_kad_post_footer":false,"footnotes":""},"_links":{"self":[{"href":"https:\/\/saplf.net\/index.php\/wp-json\/wp\/v2\/pages\/14"}],"collection":[{"href":"https:\/\/saplf.net\/index.php\/wp-json\/wp\/v2\/pages"}],"about":[{"href":"https:\/\/saplf.net\/index.php\/wp-json\/wp\/v2\/types\/page"}],"author":[{"embeddable":true,"href":"https:\/\/saplf.net\/index.php\/wp-json\/wp\/v2\/users\/1"}],"replies":[{"embeddable":true,"href":"https:\/\/saplf.net\/index.php\/wp-json\/wp\/v2\/comments?post=14"}],"version-history":[{"count":126,"href":"https:\/\/saplf.net\/index.php\/wp-json\/wp\/v2\/pages\/14\/revisions"}],"predecessor-version":[{"id":466,"href":"https:\/\/saplf.net\/index.php\/wp-json\/wp\/v2\/pages\/14\/revisions\/466"}],"wp:attachment":[{"href":"https:\/\/saplf.net\/index.php\/wp-json\/wp\/v2\/media?parent=14"}],"curies":[{"name":"wp","href":"https:\/\/api.w.org\/{rel}","templated":true}]}}