{"id":8,"date":"2024-01-14T21:42:14","date_gmt":"2024-01-14T20:42:14","guid":{"rendered":"https:\/\/saplf.net\/?page_id=8"},"modified":"2024-03-28T09:51:34","modified_gmt":"2024-03-28T08:51:34","slug":"accueil","status":"publish","type":"page","link":"https:\/\/saplf.net\/","title":{"rendered":"Accueil"},"content":{"rendered":"\n<p><\/p>\n\n\n<style>.wp-block-kadence-advancedgallery.kb-gallery-wrap-id-8_33067d-99{margin-left:0px;}.kb-gallery-id-8_33067d-99 .kadence-blocks-gallery-item .kb-gal-image-radius, .kb-gallery-id-8_33067d-99 .kb-slide-item .kb-gal-image-radius img{border-radius:0px 0px 0px 0px;;}.kb-gallery-wrap-id-8_33067d-99.wp-block-kadence-advancedgallery{overflow:visible;}.kb-gallery-wrap-id-8_33067d-99.wp-block-kadence-advancedgallery .kt-blocks-carousel{overflow:visible;}<\/style><div class=\"kb-gallery-wrap-id-8_33067d-99 alignnone wp-block-kadence-advancedgallery\"><div class=\"kb-gallery-ul kb-gallery-non-static kb-gallery-type-slider kb-gallery-id-8_33067d-99 kb-gallery-caption-style-bottom-hover kb-gallery-filter-vintage\" data-image-filter=\"vintage\" data-lightbox-caption=\"true\"><div class=\"kt-blocks-carousel kt-carousel-container-dotstyle-light\"><div class=\"kt-blocks-carousel-init kb-blocks-slider kt-carousel-arrowstyle-whiteondark kt-carousel-dotstyle-light kb-slider-group-arrow kb-slider-arrow-position-center\" data-slider-anim-speed=\"1970\" data-slider-scroll=\"1\" data-slider-arrows=\"true\" data-slider-fade=\"false\" data-slider-dots=\"true\"data-slider-type=\"slider\"  data-slider-hover-pause=\"false\" data-slider-auto=\"1\" data-slider-speed=\"2450\"><div class=\"kb-slide-item kb-gallery-slide-item\"><div class=\"kadence-blocks-gallery-item\"><div class=\"kadence-blocks-gallery-item-inner\"><figure class=\"kb-gallery-figure kadence-blocks-gallery-item-hide-caption\" \"><div class=\"kb-gal-image-radius\"><div class=\"kb-gallery-image-contain kadence-blocks-gallery-intrinsic kb-gallery-image-ratio-inherit kb-has-image-ratio-inherit\" ><img loading=\"lazy\" decoding=\"async\" src=\"https:\/\/saplf.net\/wp-content\/uploads\/2024\/03\/TB_pulmononaire_Image-150x150.jpg\" width=\"150\" height=\"150\" alt=\"\" data-full-image=\"https:\/\/saplf.net\/wp-content\/uploads\/2024\/03\/TB_pulmononaire_Image.jpg\" data-light-image=\"https:\/\/saplf.net\/wp-content\/uploads\/2024\/03\/TB_pulmononaire_Image.jpg\" data-id=\"203\" class=\"wp-image-203 skip-lazy\"\/><\/div><\/div><\/figure><\/div><\/div><\/div><div class=\"kb-slide-item kb-gallery-slide-item\"><div class=\"kadence-blocks-gallery-item\"><div class=\"kadence-blocks-gallery-item-inner\"><figure class=\"kb-gallery-figure kadence-blocks-gallery-item-hide-caption\" \"><div class=\"kb-gal-image-radius\"><div class=\"kb-gallery-image-contain kadence-blocks-gallery-intrinsic kb-gallery-image-ratio-inherit kb-has-image-ratio-inherit\" ><img loading=\"lazy\" decoding=\"async\" src=\"https:\/\/saplf.net\/wp-content\/uploads\/2024\/03\/img-tuberculose-150x150.jpg\" width=\"150\" height=\"150\" alt=\"\" data-full-image=\"https:\/\/saplf.net\/wp-content\/uploads\/2024\/03\/img-tuberculose-e1710662588643.jpg\" data-light-image=\"https:\/\/saplf.net\/wp-content\/uploads\/2024\/03\/img-tuberculose-e1710662588643.jpg\" data-id=\"204\" class=\"wp-image-204 skip-lazy\"\/><\/div><\/div><\/figure><\/div><\/div><\/div><div class=\"kb-slide-item kb-gallery-slide-item\"><div class=\"kadence-blocks-gallery-item\"><div class=\"kadence-blocks-gallery-item-inner\"><figure class=\"kb-gallery-figure kadence-blocks-gallery-item-hide-caption\" \"><div class=\"kb-gal-image-radius\"><div class=\"kb-gallery-image-contain kadence-blocks-gallery-intrinsic kb-gallery-image-ratio-inherit kb-has-image-ratio-inherit\" ><img loading=\"lazy\" decoding=\"async\" src=\"https:\/\/saplf.net\/wp-content\/uploads\/2024\/03\/journee_lutte_conte_TB-150x150.png\" width=\"150\" height=\"150\" alt=\"\" data-full-image=\"https:\/\/saplf.net\/wp-content\/uploads\/2024\/03\/journee_lutte_conte_TB-e1710662439351.png\" data-light-image=\"https:\/\/saplf.net\/wp-content\/uploads\/2024\/03\/journee_lutte_conte_TB-e1710662439351.png\" data-id=\"205\" class=\"wp-image-205 skip-lazy\"\/><\/div><\/div><\/figure><\/div><\/div><\/div><\/div><\/div><\/div><\/div>\n\n\n<figure class=\"wp-block-image size-large\"><img loading=\"lazy\" decoding=\"async\" width=\"723\" height=\"1024\" src=\"https:\/\/saplf.net\/wp-content\/uploads\/2024\/03\/Webinair-SAPLF-2024-du-27032024-723x1024.jpeg\" alt=\"\" class=\"wp-image-254\" srcset=\"https:\/\/saplf.net\/wp-content\/uploads\/2024\/03\/Webinair-SAPLF-2024-du-27032024-723x1024.jpeg 723w, https:\/\/saplf.net\/wp-content\/uploads\/2024\/03\/Webinair-SAPLF-2024-du-27032024-212x300.jpeg 212w, https:\/\/saplf.net\/wp-content\/uploads\/2024\/03\/Webinair-SAPLF-2024-du-27032024.jpeg 763w\" sizes=\"(max-width: 723px) 100vw, 723px\" \/><\/figure>\n\n\n\n<p><\/p>\n\n\n\n<p><strong>La Soci\u00e9t\u00e9 Africaine de Pneumologie de Langue Fran\u00e7aise (SAPLF)<\/strong> est cr\u00e9\u00e9e depuis 2000. Elle a vocation \u00e0 regrouper tous les m\u00e9decins pneumologues ou int\u00e9ress\u00e9s par la pneumologie de tous les pays d\u2019Afrique et ayant en usage le fran\u00e7ais.<\/p>\n\n\n\n<p>La SAPLF regroupe 9 pays d\u2019Afrique de l\u2019Ouest (Benin, Burkina Faso, C\u00f4te d\u2019Ivoire, Guin\u00e9e, Mauritanie, Mali, Niger, Togo, S\u00e9n\u00e9gal) et 8 pays d\u2019Afrique du Centre (Burundi, Cameroun, Congo, RD Congo, Centrafrique, Gabon, Rwanda, Tchad).&nbsp;<\/p>\n\n\n\n<h3 class=\"wp-block-heading\">Ses objectifs sont :<\/h3>\n\n\n\n<ul>\n<li>cr\u00e9er, d\u00e9velopper des \u00e9changes entre divers praticiens s\u2019occupant en Afrique, d\u2019activit\u00e9s li\u00e9es \u00e0 la pathologie respiratoire ;<\/li>\n\n\n\n<li>entretenir des relations \u00e9troites avec d\u2019autres soci\u00e9t\u00e9s savantes africaines ou internationales ayant les m\u00eames objectifs, ainsi qu\u2019avec tout organisme national ou international s\u2019int\u00e9ressant \u00e0 la pathologie respiratoire ;<\/li>\n\n\n\n<li>contribuer \u00e0 la lutte contre les maladies respiratoires en Afrique ;<\/li>\n\n\n\n<li>produire et diffuser des informations scientifiques et technique dans le domaine de la pathologie respiratoire ;<\/li>\n\n\n\n<li>initier et de promouvoir les activit\u00e9s de soins m\u00e9dicaux et de recherche en mati\u00e8re d\u2019infectiologie et de microbiologie, de sant\u00e9 publique, etc. ;<\/li>\n\n\n\n<li>et harmoniser les programmes d\u2019enseignement sur la pathologie respiratoire.<\/li>\n<\/ul>\n\n\n\n<h3 class=\"wp-block-heading\">Missions<\/h3>\n\n\n\n<p>Pour atteindre ces objectifs, la SAPLF se propose :<\/p>\n\n\n\n<ul>\n<li>d\u2019organiser des r\u00e9unions scientifiques, des congr\u00e8s, des conf\u00e9rences, des cours relatifs aux sp\u00e9cialit\u00e9s cit\u00e9es ci-dessus ;<\/li>\n\n\n\n<li>d\u2019\u00e9tablir des relations avec d\u2019autres soci\u00e9t\u00e9s africaines ou internationales ayant des objectifs similaires ;<\/li>\n\n\n\n<li>de collecter des documents et des informations aff\u00e9rentes \u00e0 la pathologie respiratoire et assumer leur diffusion au niveau r\u00e9gional, sous-r\u00e9gional et international ;<\/li>\n\n\n\n<li>d\u2019organiser des r\u00e9unions de r\u00e9flexions, de formation et d\u2019information tant au niveau du personnel m\u00e9dical que  des populations ;<\/li>\n\n\n\n<li>de r\u00e9aliser et publier des travaux scientifiques dans une revue m\u00e9dicale sp\u00e9cialis\u00e9e, cr\u00e9\u00e9e \u00e0 cet effet ou dans toute autre revue m\u00e9dicale.<\/li>\n<\/ul>\n\n\n\n<h3 class=\"wp-block-heading\">Organes de communication<\/h3>\n\n\n\n<p>Une revue d\u00e9nomm\u00e9e \u00ab Revue de pneumologie tropicale \u00bb qui parait tous les 6 mois r\u00e9guli\u00e8rement depuis 2004. Cette revue est sur support papier et \u00e9galement disponible en ligne.<\/p>\n\n\n\n<p>Un congr\u00e8s international organis\u00e9 tous les 2 ans dans l\u2019un des pays membres depuis 2003.<\/p>\n","protected":false},"excerpt":{"rendered":"<p>La Soci\u00e9t\u00e9 Africaine de Pneumologie de Langue Fran\u00e7aise (SAPLF) est cr\u00e9\u00e9e depuis 2000. Elle a vocation \u00e0 regrouper tous les m\u00e9decins pneumologues ou int\u00e9ress\u00e9s par la pneumologie de tous les pays d\u2019Afrique et ayant en usage le fran\u00e7ais. La SAPLF regroupe 9 pays d\u2019Afrique de l\u2019Ouest (Benin, Burkina Faso, C\u00f4te d\u2019Ivoire, Guin\u00e9e, Mauritanie, Mali, Niger,&#8230;<\/p>\n","protected":false},"author":1,"featured_media":0,"parent":0,"menu_order":0,"comment_status":"closed","ping_status":"closed","template":"","meta":{"_kad_post_transparent":"disable","_kad_post_title":"hide","_kad_post_layout":"normal","_kad_post_sidebar_id":"","_kad_post_content_style":"","_kad_post_vertical_padding":"hide","_kad_post_feature":"","_kad_post_feature_position":"","_kad_post_header":false,"_kad_post_footer":false,"footnotes":""},"_links":{"self":[{"href":"https:\/\/saplf.net\/index.php\/wp-json\/wp\/v2\/pages\/8"}],"collection":[{"href":"https:\/\/saplf.net\/index.php\/wp-json\/wp\/v2\/pages"}],"about":[{"href":"https:\/\/saplf.net\/index.php\/wp-json\/wp\/v2\/types\/page"}],"author":[{"embeddable":true,"href":"https:\/\/saplf.net\/index.php\/wp-json\/wp\/v2\/users\/1"}],"replies":[{"embeddable":true,"href":"https:\/\/saplf.net\/index.php\/wp-json\/wp\/v2\/comments?post=8"}],"version-history":[{"count":20,"href":"https:\/\/saplf.net\/index.php\/wp-json\/wp\/v2\/pages\/8\/revisions"}],"predecessor-version":[{"id":256,"href":"https:\/\/saplf.net\/index.php\/wp-json\/wp\/v2\/pages\/8\/revisions\/256"}],"wp:attachment":[{"href":"https:\/\/saplf.net\/index.php\/wp-json\/wp\/v2\/media?parent=8"}],"curies":[{"name":"wp","href":"https:\/\/api.w.org\/{rel}","templated":true}]}}